{"id":14,"date":"2022-05-03T17:59:48","date_gmt":"2022-05-03T17:59:48","guid":{"rendered":"https:\/\/cohabitarcarpediem.uy\/coop\/?page_id=14"},"modified":"2022-05-09T14:12:01","modified_gmt":"2022-05-09T14:12:01","slug":"cooperativa","status":"publish","type":"page","link":"https:\/\/cohabitarcarpediem.uy\/coop\/cooperativa\/","title":{"rendered":"La Cooperativa"},"content":{"rendered":"\t\t<div data-elementor-type=\"wp-page\" data-elementor-id=\"14\" class=\"elementor elementor-14\">\n\t\t\t\t\t\t<section class=\"elementor-section elementor-top-section elementor-element elementor-element-20fd811 elementor-section-boxed elementor-section-height-default elementor-section-height-default\" data-id=\"20fd811\" data-element_type=\"section\" data-e-type=\"section\">\n\t\t\t\t\t\t<div class=\"elementor-container elementor-column-gap-default\">\n\t\t\t\t\t<div class=\"elementor-column elementor-col-50 elementor-top-column elementor-element elementor-element-9c731db\" data-id=\"9c731db\" data-element_type=\"column\" data-e-type=\"column\">\n\t\t\t<div class=\"elementor-widget-wrap elementor-element-populated\">\n\t\t\t\t\t\t<div class=\"elementor-element elementor-element-f91d132 elementor-widget elementor-widget-heading\" data-id=\"f91d132\" data-element_type=\"widget\" data-e-type=\"widget\" data-widget_type=\"heading.default\">\n\t\t\t\t<div class=\"elementor-widget-container\">\n\t\t\t\t\t<h2 class=\"elementor-heading-title elementor-size-default\">CARPE-DIEM<\/h2>\t\t\t\t<\/div>\n\t\t\t\t<\/div>\n\t\t\t\t<div class=\"elementor-element elementor-element-9ce1360 elementor-widget elementor-widget-text-editor\" data-id=\"9ce1360\" data-element_type=\"widget\" data-e-type=\"widget\" data-widget_type=\"text-editor.default\">\n\t\t\t\t<div class=\"elementor-widget-container\">\n\t\t\t\t\t\t\t\t\t<h3>Primera cooperativa uruguaya de cohabitaci\u00f3n y cuidados<\/h3>\t\t\t\t\t\t\t\t<\/div>\n\t\t\t\t<\/div>\n\t\t\t\t\t<\/div>\n\t\t<\/div>\n\t\t\t\t<div class=\"elementor-column elementor-col-50 elementor-top-column elementor-element elementor-element-89e632d\" data-id=\"89e632d\" data-element_type=\"column\" data-e-type=\"column\">\n\t\t\t<div class=\"elementor-widget-wrap elementor-element-populated\">\n\t\t\t\t\t\t<div class=\"elementor-element elementor-element-200596b elementor-widget elementor-widget-image\" data-id=\"200596b\" data-element_type=\"widget\" data-e-type=\"widget\" data-widget_type=\"image.default\">\n\t\t\t\t<div class=\"elementor-widget-container\">\n\t\t\t\t\t\t\t\t\t\t\t\t\t\t\t<img fetchpriority=\"high\" decoding=\"async\" width=\"833\" height=\"621\" src=\"https:\/\/cohabitarcarpediem.uy\/coop\/wp-content\/uploads\/2022\/05\/2.jpg\" class=\"attachment-large size-large wp-image-318\" alt=\"\" srcset=\"https:\/\/cohabitarcarpediem.uy\/coop\/wp-content\/uploads\/2022\/05\/2.jpg 833w, https:\/\/cohabitarcarpediem.uy\/coop\/wp-content\/uploads\/2022\/05\/2-402x300.jpg 402w, https:\/\/cohabitarcarpediem.uy\/coop\/wp-content\/uploads\/2022\/05\/2-768x573.jpg 768w\" sizes=\"(max-width: 833px) 100vw, 833px\" \/>\t\t\t\t\t\t\t\t\t\t\t\t\t\t\t<\/div>\n\t\t\t\t<\/div>\n\t\t\t\t\t<\/div>\n\t\t<\/div>\n\t\t\t\t\t<\/div>\n\t\t<\/section>\n\t\t\t\t<section class=\"elementor-section elementor-top-section elementor-element elementor-element-612e5f28 elementor-section-stretched elementor-section-boxed elementor-section-height-default elementor-section-height-default\" data-id=\"612e5f28\" data-element_type=\"section\" data-e-type=\"section\" data-settings=\"{&quot;stretch_section&quot;:&quot;section-stretched&quot;,&quot;background_background&quot;:&quot;classic&quot;}\">\n\t\t\t\t\t\t\t<div class=\"elementor-background-overlay\"><\/div>\n\t\t\t\t\t\t\t<div class=\"elementor-container elementor-column-gap-default\">\n\t\t\t\t\t<div class=\"elementor-column elementor-col-100 elementor-top-column elementor-element elementor-element-4bbb0015\" data-id=\"4bbb0015\" data-element_type=\"column\" data-e-type=\"column\">\n\t\t\t<div class=\"elementor-widget-wrap elementor-element-populated\">\n\t\t\t\t\t\t<div class=\"elementor-element elementor-element-3f3ff697 elementor-invisible elementor-widget elementor-widget-text-editor\" data-id=\"3f3ff697\" data-element_type=\"widget\" data-e-type=\"widget\" data-settings=\"{&quot;_animation&quot;:&quot;zoomInLeft&quot;}\" data-widget_type=\"text-editor.default\">\n\t\t\t\t<div class=\"elementor-widget-container\">\n\t\t\t\t\t\t\t\t\t<p><\/p>\n<h3><span style=\"color: #f8b948;\"><strong>\u00bfQUI\u00c9NES SOMOS?<\/strong><\/span><\/h3>\n<p><span style=\"color: #ffffff;\"><\/span><\/p>\n<p><span style=\"color: #ffffff;\"><\/span><\/p>\n<p><span style=\"color: #ffffff;\"><strong>Carpe-diem<\/strong>, es una organizaci\u00f3n cooperativa de adultos mayores que desean transformar la <strong>\u201ctercera edad\u201d<\/strong> en una nueva etapa de la vida.<\/span><\/p>\n<p><\/p>\n<p><\/p>\n<p><\/p>\t\t\t\t\t\t\t\t<\/div>\n\t\t\t\t<\/div>\n\t\t\t\t<div class=\"elementor-element elementor-element-b932c46 elementor-invisible elementor-widget elementor-widget-text-editor\" data-id=\"b932c46\" data-element_type=\"widget\" data-e-type=\"widget\" data-settings=\"{&quot;_animation&quot;:&quot;zoomInLeft&quot;}\" data-widget_type=\"text-editor.default\">\n\t\t\t\t<div class=\"elementor-widget-container\">\n\t\t\t\t\t\t\t\t\t<p><\/p>\n<h3><span style=\"color: #f8b948;\"><strong style=\"font-family: var( --e-global-typography-text-font-family ), Sans-serif; font-style: inherit; text-transform: inherit;\">\u00bfCOMO SE COMPONE?<\/strong><\/span><\/h3>\n<p><\/p>\n<p><\/p>\n<p><span style=\"color: #ffffff;\">Esta integrada hoy por adultos de 55 a 65 a\u00f1os, trabajadores activos y pasivos, unidos por relaciones de amistad, emprendedores, con ganas de conducir la madurez juntos en un entorno colectivo, creativo y amigable con el ambiente.<\/span><\/p>\n<p><\/p>\t\t\t\t\t\t\t\t<\/div>\n\t\t\t\t<\/div>\n\t\t\t\t<div class=\"elementor-element elementor-element-289bc1a elementor-invisible elementor-widget elementor-widget-text-editor\" data-id=\"289bc1a\" data-element_type=\"widget\" data-e-type=\"widget\" data-settings=\"{&quot;_animation&quot;:&quot;zoomInLeft&quot;}\" data-widget_type=\"text-editor.default\">\n\t\t\t\t<div class=\"elementor-widget-container\">\n\t\t\t\t\t\t\t\t\t<p><\/p>\n<h3><span style=\"color: #f8b948;\"><strong style=\"font-family: var( --e-global-typography-text-font-family ), Sans-serif; font-style: inherit; text-transform: inherit;\">\u00bfQU\u00c9 BUSCAMOS?<\/strong><\/span><\/h3>\n<p><span style=\"color: #ffffff;\"><\/span><\/p>\n<p><span style=\"color: #ffffff;\"><\/span><\/p>\n<ul class=\"wp-block-list\">\n<li><span style=\"color: #ffffff;\">Buscamos convivir con h\u00e1bitos ambientalmente sostenibles, interactuando con la comunidad cercana y contratando los servicios necesarios a otras cooperativas, utilizando energ\u00edas renovables y econom\u00eda circular, autogestion\u00e1ndonos y optimizando la econom\u00eda de escala.<\/span><br \/><br \/><\/li>\n<li><span style=\"color: #ffffff;\">Convivir en un espacio adecuado, contemplando componentes urban\u00edsticos, tecnol\u00f3gicos, ambientales, sanitarios, culturales y sociales.<\/span><br \/><br \/><\/li>\n<li><span style=\"color: #ffffff;\">Contar con tiempo para actividades placenteras, tan productivas o m\u00e1s que en la etapa anterior.<\/span><br \/><br \/><\/li>\n<li><span style=\"color: #ffffff;\">Compartir momentos con amigos y vecinos en forma solidaria.<\/span><br \/><br \/><\/li>\n<li><span style=\"color: #ffffff;\">Vivir en espacios confortables.<\/span><br \/><br \/><\/li>\n<li><span style=\"color: #ffffff;\">Decidir y hacer por voluntad propia.<\/span><br \/><br \/><\/li>\n<li><span style=\"color: #ffffff;\">Vivir una madurez en forma proactiva, aut\u00f3noma y colaborativa, mejorando de este modo nuestra calidad de vida y la de nuestras familias.<\/span><\/li>\n<\/ul>\n<p><\/p>\t\t\t\t\t\t\t\t<\/div>\n\t\t\t\t<\/div>\n\t\t\t\t\t<\/div>\n\t\t<\/div>\n\t\t\t\t\t<\/div>\n\t\t<\/section>\n\t\t\t\t<\/div>\n\t\t","protected":false},"excerpt":{"rendered":"<p>CARPE-DIEM Primera cooperativa uruguaya de cohabitaci\u00f3n y cuidados \u00bfQUI\u00c9NES SOMOS? Carpe-diem, es una organizaci\u00f3n cooperativa de adultos mayores que desean transformar la \u201ctercera edad\u201d en una nueva etapa de la vida. \u00bfCOMO SE COMPONE? Esta integrada hoy por adultos de 55 a 65 a\u00f1os, trabajadores activos y pasivos, unidos por relaciones de amistad, emprendedores, con [&hellip;]<\/p>\n","protected":false},"author":1,"featured_media":0,"parent":0,"menu_order":0,"comment_status":"closed","ping_status":"closed","template":"templates\/template-page-full-width.php","meta":{"footnotes":""},"class_list":["post-14","page","type-page","status-publish","hentry"],"_links":{"self":[{"href":"https:\/\/cohabitarcarpediem.uy\/coop\/wp-json\/wp\/v2\/pages\/14","targetHints":{"allow":["GET"]}}],"collection":[{"href":"https:\/\/cohabitarcarpediem.uy\/coop\/wp-json\/wp\/v2\/pages"}],"about":[{"href":"https:\/\/cohabitarcarpediem.uy\/coop\/wp-json\/wp\/v2\/types\/page"}],"author":[{"embeddable":true,"href":"https:\/\/cohabitarcarpediem.uy\/coop\/wp-json\/wp\/v2\/users\/1"}],"replies":[{"embeddable":true,"href":"https:\/\/cohabitarcarpediem.uy\/coop\/wp-json\/wp\/v2\/comments?post=14"}],"version-history":[{"count":201,"href":"https:\/\/cohabitarcarpediem.uy\/coop\/wp-json\/wp\/v2\/pages\/14\/revisions"}],"predecessor-version":[{"id":514,"href":"https:\/\/cohabitarcarpediem.uy\/coop\/wp-json\/wp\/v2\/pages\/14\/revisions\/514"}],"wp:attachment":[{"href":"https:\/\/cohabitarcarpediem.uy\/coop\/wp-json\/wp\/v2\/media?parent=14"}],"curies":[{"name":"wp","href":"https:\/\/api.w.org\/{rel}","templated":true}]}}